	{"id":4230,"date":"2020-11-03T12:57:00","date_gmt":"2020-11-03T11:57:00","guid":{"rendered":"https:\/\/mib.sk\/projekt\/okolie-pamatnika-daniela-tupeho\/"},"modified":"2022-11-29T11:59:51","modified_gmt":"2022-11-29T10:59:51","slug":"okolie-pamatnika-daniela-tupeho","status":"publish","type":"project","link":"https:\/\/mib.sk\/en\/projekt\/okolie-pamatnika-daniela-tupeho\/","title":{"rendered":"Surroundings of the Memorial to the Victims of Extremism"},"content":{"rendered":"\t<figure class=\"custom-gallery\">\r\n\t\t<ul class=\"custom-gallery-grid\">\r\n\t\t\t\t\t\t\t<li class=\"gallery-item\">\r\n\t\t\t\t\t<figure title=\"20220926_153206000_iOS\" href=\"https:\/\/mib.sk\/wp-content\/uploads\/2020\/11\/20220926_153206000_iOS-scaled.jpg\">\r\n\t\t\t\t\t\t<img decoding=\"async\" alt=\"\" src=\"https:\/\/mib.sk\/wp-content\/uploads\/2020\/11\/20220926_153206000_iOS-scaled.jpg\" >\r\n\t\t\t\t\t<\/figure>\r\n\t\t\t\t<\/li>\r\n\t\t\t\t\t\t\t<li class=\"gallery-item\">\r\n\t\t\t\t\t<figure title=\"20220926_153519000_iOS\" href=\"https:\/\/mib.sk\/wp-content\/uploads\/2020\/11\/20220926_153519000_iOS-scaled.jpg\">\r\n\t\t\t\t\t\t<img decoding=\"async\" alt=\"\" src=\"https:\/\/mib.sk\/wp-content\/uploads\/2020\/11\/20220926_153519000_iOS-scaled.jpg\" >\r\n\t\t\t\t\t<\/figure>\r\n\t\t\t\t<\/li>\r\n\t\t\t\t\t\t\t<li class=\"gallery-item\">\r\n\t\t\t\t\t<figure title=\"20220926_153539000_iOS\" href=\"https:\/\/mib.sk\/wp-content\/uploads\/2020\/11\/20220926_153539000_iOS-scaled.jpg\">\r\n\t\t\t\t\t\t<img decoding=\"async\" alt=\"\" src=\"https:\/\/mib.sk\/wp-content\/uploads\/2020\/11\/20220926_153539000_iOS-scaled.jpg\" >\r\n\t\t\t\t\t<\/figure>\r\n\t\t\t\t<\/li>\r\n\t\t\t\t\t\t\t<li class=\"gallery-item\">\r\n\t\t\t\t\t<figure title=\"20220926_154048000_iOS\" href=\"https:\/\/mib.sk\/wp-content\/uploads\/2020\/11\/20220926_154048000_iOS-scaled.jpg\">\r\n\t\t\t\t\t\t<img decoding=\"async\" alt=\"\" src=\"https:\/\/mib.sk\/wp-content\/uploads\/2020\/11\/20220926_154048000_iOS-scaled.jpg\" >\r\n\t\t\t\t\t<\/figure>\r\n\t\t\t\t<\/li>\r\n\t\t\t\t\t\t\t<li class=\"gallery-item\">\r\n\t\t\t\t\t<figure title=\"20220926_154110000_iOS\" href=\"https:\/\/mib.sk\/wp-content\/uploads\/2020\/11\/20220926_154110000_iOS-scaled.jpg\">\r\n\t\t\t\t\t\t<img decoding=\"async\" alt=\"\" src=\"https:\/\/mib.sk\/wp-content\/uploads\/2020\/11\/20220926_154110000_iOS-scaled.jpg\" >\r\n\t\t\t\t\t<\/figure>\r\n\t\t\t\t<\/li>\r\n\t\t\t\t\t\t\t<li class=\"gallery-item\">\r\n\t\t\t\t\t<figure title=\"20220926_154339000_iOS\" href=\"https:\/\/mib.sk\/wp-content\/uploads\/2020\/11\/20220926_154339000_iOS-scaled.jpg\">\r\n\t\t\t\t\t\t<img decoding=\"async\" alt=\"\" src=\"https:\/\/mib.sk\/wp-content\/uploads\/2020\/11\/20220926_154339000_iOS-scaled.jpg\" >\r\n\t\t\t\t\t<\/figure>\r\n\t\t\t\t<\/li>\r\n\t\t\t        <\/ul>\r\n        <a class=\"btn with-arrow\" href=\"javascript:void(0)\">View gallery<\/a>\r\n\t<\/figure>\r\n\n\n\n<p>As part of the revitalization of the area, parking space has been reduced and the paved areas around the memorial have been replaced with green spaces. Instead of impervious surfaces, large lawn areas, nine new trees, new pedestrian walkways, lighting, and furniture were added. Thanks to these changes, the memorial has regained the commemorative character it lacked.<\/p>\n\n\n\n<p>This project is part of the\u00a0<a href=\"https:\/\/mib.sk\/en\/zive-miesta\/\">Bratislava Public Spaces Renewal Scheme \u2013 Vivid Spaces<\/a>.\u00a0<\/p>\n\n\n<div class=\"ba-slider\">\r\n    <img decoding=\"async\" width=\"1110\" height=\"740\" src=\"https:\/\/mib.sk\/wp-content\/uploads\/2020\/11\/20220926_154420000_iOS-1110x740.jpg\" class=\"attachment-img_1110x740_cropped size-img_1110x740_cropped\" alt=\"\" srcset=\"https:\/\/mib.sk\/wp-content\/uploads\/2020\/11\/20220926_154420000_iOS-1110x740.jpg 1110w, https:\/\/mib.sk\/wp-content\/uploads\/2020\/11\/20220926_154420000_iOS-300x200.jpg 300w, https:\/\/mib.sk\/wp-content\/uploads\/2020\/11\/20220926_154420000_iOS-1024x684.jpg 1024w, https:\/\/mib.sk\/wp-content\/uploads\/2020\/11\/20220926_154420000_iOS-768x513.jpg 768w, https:\/\/mib.sk\/wp-content\/uploads\/2020\/11\/20220926_154420000_iOS-1536x1026.jpg 1536w, https:\/\/mib.sk\/wp-content\/uploads\/2020\/11\/20220926_154420000_iOS-2048x1368.jpg 2048w, https:\/\/mib.sk\/wp-content\/uploads\/2020\/11\/20220926_154420000_iOS-407x270.jpg 407w, https:\/\/mib.sk\/wp-content\/uploads\/2020\/11\/20220926_154420000_iOS-404x270.jpg 404w, https:\/\/mib.sk\/wp-content\/uploads\/2020\/11\/20220926_154420000_iOS-457x305.jpg 457w, https:\/\/mib.sk\/wp-content\/uploads\/2020\/11\/20220926_154420000_iOS-599x400.jpg 599w, https:\/\/mib.sk\/wp-content\/uploads\/2020\/11\/20220926_154420000_iOS-200x134.jpg 200w, https:\/\/mib.sk\/wp-content\/uploads\/2020\/11\/20220926_154420000_iOS-270x180.jpg 270w, https:\/\/mib.sk\/wp-content\/uploads\/2020\/11\/20220926_154420000_iOS-280x187.jpg 280w, https:\/\/mib.sk\/wp-content\/uploads\/2020\/11\/20220926_154420000_iOS-1108x740.jpg 1108w, https:\/\/mib.sk\/wp-content\/uploads\/2020\/11\/20220926_154420000_iOS-370x247.jpg 370w, https:\/\/mib.sk\/wp-content\/uploads\/2020\/11\/20220926_154420000_iOS-260x174.jpg 260w\" sizes=\"(max-width: 1110px) 100vw, 1110px\" \/>    <div class=\"resize\">\r\n        <img decoding=\"async\" width=\"1110\" height=\"740\" src=\"https:\/\/mib.sk\/wp-content\/uploads\/2020\/11\/20200219_110903000_iOS-1110x740.jpg\" class=\"attachment-img_1110x740_cropped size-img_1110x740_cropped\" alt=\"\" srcset=\"https:\/\/mib.sk\/wp-content\/uploads\/2020\/11\/20200219_110903000_iOS-1110x740.jpg 1110w, https:\/\/mib.sk\/wp-content\/uploads\/2020\/11\/20200219_110903000_iOS-300x200.jpg 300w, https:\/\/mib.sk\/wp-content\/uploads\/2020\/11\/20200219_110903000_iOS-1024x682.jpg 1024w, https:\/\/mib.sk\/wp-content\/uploads\/2020\/11\/20200219_110903000_iOS-768x512.jpg 768w, https:\/\/mib.sk\/wp-content\/uploads\/2020\/11\/20200219_110903000_iOS-1536x1024.jpg 1536w, https:\/\/mib.sk\/wp-content\/uploads\/2020\/11\/20200219_110903000_iOS-2048x1365.jpg 2048w, https:\/\/mib.sk\/wp-content\/uploads\/2020\/11\/20200219_110903000_iOS-407x270.jpg 407w, https:\/\/mib.sk\/wp-content\/uploads\/2020\/11\/20200219_110903000_iOS-405x270.jpg 405w, https:\/\/mib.sk\/wp-content\/uploads\/2020\/11\/20200219_110903000_iOS-458x305.jpg 458w, https:\/\/mib.sk\/wp-content\/uploads\/2020\/11\/20200219_110903000_iOS-600x400.jpg 600w, https:\/\/mib.sk\/wp-content\/uploads\/2020\/11\/20200219_110903000_iOS-200x133.jpg 200w, https:\/\/mib.sk\/wp-content\/uploads\/2020\/11\/20200219_110903000_iOS-270x180.jpg 270w, https:\/\/mib.sk\/wp-content\/uploads\/2020\/11\/20200219_110903000_iOS-280x187.jpg 280w, https:\/\/mib.sk\/wp-content\/uploads\/2020\/11\/20200219_110903000_iOS-950x633.jpg 950w, https:\/\/mib.sk\/wp-content\/uploads\/2020\/11\/20200219_110903000_iOS-370x247.jpg 370w, https:\/\/mib.sk\/wp-content\/uploads\/2020\/11\/20200219_110903000_iOS-260x173.jpg 260w\" sizes=\"(max-width: 1110px) 100vw, 1110px\" \/>    <\/div>\r\n    <span class=\"handle\">\r\n        <span class=\"handle-ball\"><\/span>\r\n    <\/span>\r\n    <div class=\"before\">Before<\/div>\r\n    <div class=\"after\">After<\/div>\r\n<\/div>\n\n\n<figure class=\"wp-block-image size-large is-resized is-style-default\"><img decoding=\"async\" src=\"https:\/\/mib.sk\/wp-content\/uploads\/2022\/09\/Zuzana-Caputova-a-Matus-Vallo-pri-pamatniku-Zdroj-Marek-Velce-1024x684.jpg\" alt=\"\" class=\"wp-image-16027\" width=\"840\" height=\"561\" srcset=\"https:\/\/mib.sk\/wp-content\/uploads\/2022\/09\/Zuzana-Caputova-a-Matus-Vallo-pri-pamatniku-Zdroj-Marek-Velce-1024x684.jpg 1024w, https:\/\/mib.sk\/wp-content\/uploads\/2022\/09\/Zuzana-Caputova-a-Matus-Vallo-pri-pamatniku-Zdroj-Marek-Velce-300x200.jpg 300w, https:\/\/mib.sk\/wp-content\/uploads\/2022\/09\/Zuzana-Caputova-a-Matus-Vallo-pri-pamatniku-Zdroj-Marek-Velce-768x513.jpg 768w, https:\/\/mib.sk\/wp-content\/uploads\/2022\/09\/Zuzana-Caputova-a-Matus-Vallo-pri-pamatniku-Zdroj-Marek-Velce-1536x1025.jpg 1536w, https:\/\/mib.sk\/wp-content\/uploads\/2022\/09\/Zuzana-Caputova-a-Matus-Vallo-pri-pamatniku-Zdroj-Marek-Velce-404x270.jpg 404w, https:\/\/mib.sk\/wp-content\/uploads\/2022\/09\/Zuzana-Caputova-a-Matus-Vallo-pri-pamatniku-Zdroj-Marek-Velce-457x305.jpg 457w, https:\/\/mib.sk\/wp-content\/uploads\/2022\/09\/Zuzana-Caputova-a-Matus-Vallo-pri-pamatniku-Zdroj-Marek-Velce-599x400.jpg 599w, https:\/\/mib.sk\/wp-content\/uploads\/2022\/09\/Zuzana-Caputova-a-Matus-Vallo-pri-pamatniku-Zdroj-Marek-Velce-200x134.jpg 200w, https:\/\/mib.sk\/wp-content\/uploads\/2022\/09\/Zuzana-Caputova-a-Matus-Vallo-pri-pamatniku-Zdroj-Marek-Velce-270x180.jpg 270w, https:\/\/mib.sk\/wp-content\/uploads\/2022\/09\/Zuzana-Caputova-a-Matus-Vallo-pri-pamatniku-Zdroj-Marek-Velce-280x187.jpg 280w, https:\/\/mib.sk\/wp-content\/uploads\/2022\/09\/Zuzana-Caputova-a-Matus-Vallo-pri-pamatniku-Zdroj-Marek-Velce-950x635.jpg 950w, https:\/\/mib.sk\/wp-content\/uploads\/2022\/09\/Zuzana-Caputova-a-Matus-Vallo-pri-pamatniku-Zdroj-Marek-Velce-1110x740.jpg 1110w, https:\/\/mib.sk\/wp-content\/uploads\/2022\/09\/Zuzana-Caputova-a-Matus-Vallo-pri-pamatniku-Zdroj-Marek-Velce-1108x740.jpg 1108w, https:\/\/mib.sk\/wp-content\/uploads\/2022\/09\/Zuzana-Caputova-a-Matus-Vallo-pri-pamatniku-Zdroj-Marek-Velce-370x247.jpg 370w, https:\/\/mib.sk\/wp-content\/uploads\/2022\/09\/Zuzana-Caputova-a-Matus-Vallo-pri-pamatniku-Zdroj-Marek-Velce-260x174.jpg 260w, https:\/\/mib.sk\/wp-content\/uploads\/2022\/09\/Zuzana-Caputova-a-Matus-Vallo-pri-pamatniku-Zdroj-Marek-Velce.jpg 1721w\" sizes=\"(max-width: 840px) 100vw, 840px\" \/><figcaption>The memorial and surrounding public space were opened with the president of the Slovak Republic, Zuzana \u010caputov\u00e1 along with the Mayor of the City of Bratislava, Mat\u00fa\u0161 Vallo <\/figcaption><\/figure>\n","protected":false},"excerpt":{"rendered":"<p>The Danube riverfront on the Petr\u017ealka side is gradually being transformed into a greener and safer public space. The revitalization of the surroundings of the Memorial also contributed to this.<\/p>\n","protected":false},"featured_media":15996,"template":"","meta":{"_acf_changed":false,"inline_featured_image":false,"footnotes":""},"tags":[107,206],"topic":[78,76],"custom_statuses":[189],"custom_city_section":[157],"section":[79],"class_list":["post-4230","project","type-project","status-publish","has-post-thumbnail","hentry","tag-pamatnik-daniela-tupeho-en","tag-vivid-places","topic-green-city","topic-revitalization","custom_statuses-completed-projects","custom_city_section-petrzalka","section-mestske-priestory-en"],"acf":[],"yoast_head":"<!-- This site is optimized with the Yoast SEO plugin v23.4 - https:\/\/yoast.com\/wordpress\/plugins\/seo\/ -->\n<title>Surroundings of the Memorial to the Victims of Extremism - Metropolitn\u00fd in\u0161tit\u00fat Bratislavy<\/title>\n<meta name=\"description\" content=\"The Danube riverfront is gradually being transformed into a greener and safer public space.\" \/>\n<meta name=\"robots\" content=\"index, follow, max-snippet:-1, max-image-preview:large, max-video-preview:-1\" \/>\n<link rel=\"canonical\" href=\"https:\/\/mib.sk\/en\/projekt\/okolie-pamatnika-daniela-tupeho\/\" \/>\n<meta property=\"og:locale\" content=\"en_US\" \/>\n<meta property=\"og:type\" content=\"article\" \/>\n<meta property=\"og:title\" content=\"Surroundings of the Memorial to the Victims of Extremism - Metropolitn\u00fd in\u0161tit\u00fat Bratislavy\" \/>\n<meta property=\"og:description\" content=\"The Danube riverfront is gradually being transformed into a greener and safer public space.\" \/>\n<meta property=\"og:url\" content=\"https:\/\/mib.sk\/en\/projekt\/okolie-pamatnika-daniela-tupeho\/\" \/>\n<meta property=\"og:site_name\" content=\"Metropolitn\u00fd in\u0161tit\u00fat Bratislavy\" \/>\n<meta property=\"article:modified_time\" content=\"2022-11-29T10:59:51+00:00\" \/>\n<meta property=\"og:image\" content=\"https:\/\/mib.sk\/wp-content\/uploads\/2020\/11\/20220926_153206000_iOS-scaled.jpg\" \/>\n\t<meta property=\"og:image:width\" content=\"2560\" \/>\n\t<meta property=\"og:image:height\" content=\"1710\" \/>\n\t<meta property=\"og:image:type\" content=\"image\/jpeg\" \/>\n<meta name=\"twitter:card\" content=\"summary_large_image\" \/>\n<meta name=\"twitter:label1\" content=\"Est. reading time\" \/>\n\t<meta name=\"twitter:data1\" content=\"1 minute\" \/>\n<script type=\"application\/ld+json\" class=\"yoast-schema-graph\">{\"@context\":\"https:\/\/schema.org\",\"@graph\":[{\"@type\":\"WebPage\",\"@id\":\"https:\/\/mib.sk\/en\/projekt\/okolie-pamatnika-daniela-tupeho\/\",\"url\":\"https:\/\/mib.sk\/en\/projekt\/okolie-pamatnika-daniela-tupeho\/\",\"name\":\"Surroundings of the Memorial to the Victims of Extremism - Metropolitn\u00fd in\u0161tit\u00fat Bratislavy\",\"isPartOf\":{\"@id\":\"https:\/\/mib.sk\/#website\"},\"primaryImageOfPage\":{\"@id\":\"https:\/\/mib.sk\/en\/projekt\/okolie-pamatnika-daniela-tupeho\/#primaryimage\"},\"image\":{\"@id\":\"https:\/\/mib.sk\/en\/projekt\/okolie-pamatnika-daniela-tupeho\/#primaryimage\"},\"thumbnailUrl\":\"https:\/\/mib.sk\/wp-content\/uploads\/2020\/11\/20220926_153206000_iOS-scaled.jpg\",\"datePublished\":\"2020-11-03T11:57:00+00:00\",\"dateModified\":\"2022-11-29T10:59:51+00:00\",\"description\":\"The Danube riverfront is gradually being transformed into a greener and safer public space.\",\"breadcrumb\":{\"@id\":\"https:\/\/mib.sk\/en\/projekt\/okolie-pamatnika-daniela-tupeho\/#breadcrumb\"},\"inLanguage\":\"en-US\",\"potentialAction\":[{\"@type\":\"ReadAction\",\"target\":[\"https:\/\/mib.sk\/en\/projekt\/okolie-pamatnika-daniela-tupeho\/\"]}]},{\"@type\":\"ImageObject\",\"inLanguage\":\"en-US\",\"@id\":\"https:\/\/mib.sk\/en\/projekt\/okolie-pamatnika-daniela-tupeho\/#primaryimage\",\"url\":\"https:\/\/mib.sk\/wp-content\/uploads\/2020\/11\/20220926_153206000_iOS-scaled.jpg\",\"contentUrl\":\"https:\/\/mib.sk\/wp-content\/uploads\/2020\/11\/20220926_153206000_iOS-scaled.jpg\",\"width\":2560,\"height\":1710},{\"@type\":\"BreadcrumbList\",\"@id\":\"https:\/\/mib.sk\/en\/projekt\/okolie-pamatnika-daniela-tupeho\/#breadcrumb\",\"itemListElement\":[{\"@type\":\"ListItem\",\"position\":1,\"name\":\"Home\",\"item\":\"https:\/\/mib.sk\/en\/\"},{\"@type\":\"ListItem\",\"position\":2,\"name\":\"Surroundings of the Memorial to the Victims of Extremism\"}]},{\"@type\":\"WebSite\",\"@id\":\"https:\/\/mib.sk\/#website\",\"url\":\"https:\/\/mib.sk\/\",\"name\":\"Metropolitn\u00fd in\u0161tit\u00fat Bratislavy\",\"description\":\"\",\"potentialAction\":[{\"@type\":\"SearchAction\",\"target\":{\"@type\":\"EntryPoint\",\"urlTemplate\":\"https:\/\/mib.sk\/?s={search_term_string}\"},\"query-input\":{\"@type\":\"PropertyValueSpecification\",\"valueRequired\":true,\"valueName\":\"search_term_string\"}}],\"inLanguage\":\"en-US\"}]}<\/script>\n<!-- \/ Yoast SEO plugin. -->","yoast_head_json":{"title":"Surroundings of the Memorial to the Victims of Extremism - Metropolitn\u00fd in\u0161tit\u00fat Bratislavy","description":"The Danube riverfront is gradually being transformed into a greener and safer public space.","robots":{"index":"index","follow":"follow","max-snippet":"max-snippet:-1","max-image-preview":"max-image-preview:large","max-video-preview":"max-video-preview:-1"},"canonical":"https:\/\/mib.sk\/en\/projekt\/okolie-pamatnika-daniela-tupeho\/","og_locale":"en_US","og_type":"article","og_title":"Surroundings of the Memorial to the Victims of Extremism - Metropolitn\u00fd in\u0161tit\u00fat Bratislavy","og_description":"The Danube riverfront is gradually being transformed into a greener and safer public space.","og_url":"https:\/\/mib.sk\/en\/projekt\/okolie-pamatnika-daniela-tupeho\/","og_site_name":"Metropolitn\u00fd in\u0161tit\u00fat Bratislavy","article_modified_time":"2022-11-29T10:59:51+00:00","og_image":[{"width":2560,"height":1710,"url":"https:\/\/mib.sk\/wp-content\/uploads\/2020\/11\/20220926_153206000_iOS-scaled.jpg","type":"image\/jpeg"}],"twitter_card":"summary_large_image","twitter_misc":{"Est. reading time":"1 minute"},"schema":{"@context":"https:\/\/schema.org","@graph":[{"@type":"WebPage","@id":"https:\/\/mib.sk\/en\/projekt\/okolie-pamatnika-daniela-tupeho\/","url":"https:\/\/mib.sk\/en\/projekt\/okolie-pamatnika-daniela-tupeho\/","name":"Surroundings of the Memorial to the Victims of Extremism - Metropolitn\u00fd in\u0161tit\u00fat Bratislavy","isPartOf":{"@id":"https:\/\/mib.sk\/#website"},"primaryImageOfPage":{"@id":"https:\/\/mib.sk\/en\/projekt\/okolie-pamatnika-daniela-tupeho\/#primaryimage"},"image":{"@id":"https:\/\/mib.sk\/en\/projekt\/okolie-pamatnika-daniela-tupeho\/#primaryimage"},"thumbnailUrl":"https:\/\/mib.sk\/wp-content\/uploads\/2020\/11\/20220926_153206000_iOS-scaled.jpg","datePublished":"2020-11-03T11:57:00+00:00","dateModified":"2022-11-29T10:59:51+00:00","description":"The Danube riverfront is gradually being transformed into a greener and safer public space.","breadcrumb":{"@id":"https:\/\/mib.sk\/en\/projekt\/okolie-pamatnika-daniela-tupeho\/#breadcrumb"},"inLanguage":"en-US","potentialAction":[{"@type":"ReadAction","target":["https:\/\/mib.sk\/en\/projekt\/okolie-pamatnika-daniela-tupeho\/"]}]},{"@type":"ImageObject","inLanguage":"en-US","@id":"https:\/\/mib.sk\/en\/projekt\/okolie-pamatnika-daniela-tupeho\/#primaryimage","url":"https:\/\/mib.sk\/wp-content\/uploads\/2020\/11\/20220926_153206000_iOS-scaled.jpg","contentUrl":"https:\/\/mib.sk\/wp-content\/uploads\/2020\/11\/20220926_153206000_iOS-scaled.jpg","width":2560,"height":1710},{"@type":"BreadcrumbList","@id":"https:\/\/mib.sk\/en\/projekt\/okolie-pamatnika-daniela-tupeho\/#breadcrumb","itemListElement":[{"@type":"ListItem","position":1,"name":"Home","item":"https:\/\/mib.sk\/en\/"},{"@type":"ListItem","position":2,"name":"Surroundings of the Memorial to the Victims of Extremism"}]},{"@type":"WebSite","@id":"https:\/\/mib.sk\/#website","url":"https:\/\/mib.sk\/","name":"Metropolitn\u00fd in\u0161tit\u00fat Bratislavy","description":"","potentialAction":[{"@type":"SearchAction","target":{"@type":"EntryPoint","urlTemplate":"https:\/\/mib.sk\/?s={search_term_string}"},"query-input":{"@type":"PropertyValueSpecification","valueRequired":true,"valueName":"search_term_string"}}],"inLanguage":"en-US"}]}},"_links":{"self":[{"href":"https:\/\/mib.sk\/en\/wp-json\/wp\/v2\/project\/4230"}],"collection":[{"href":"https:\/\/mib.sk\/en\/wp-json\/wp\/v2\/project"}],"about":[{"href":"https:\/\/mib.sk\/en\/wp-json\/wp\/v2\/types\/project"}],"version-history":[{"count":5,"href":"https:\/\/mib.sk\/en\/wp-json\/wp\/v2\/project\/4230\/revisions"}],"predecessor-version":[{"id":17352,"href":"https:\/\/mib.sk\/en\/wp-json\/wp\/v2\/project\/4230\/revisions\/17352"}],"wp:featuredmedia":[{"embeddable":true,"href":"https:\/\/mib.sk\/en\/wp-json\/wp\/v2\/media\/15996"}],"wp:attachment":[{"href":"https:\/\/mib.sk\/en\/wp-json\/wp\/v2\/media?parent=4230"}],"wp:term":[{"taxonomy":"post_tag","embeddable":true,"href":"https:\/\/mib.sk\/en\/wp-json\/wp\/v2\/tags?post=4230"},{"taxonomy":"topic","embeddable":true,"href":"https:\/\/mib.sk\/en\/wp-json\/wp\/v2\/topic?post=4230"},{"taxonomy":"custom_statuses","embeddable":true,"href":"https:\/\/mib.sk\/en\/wp-json\/wp\/v2\/custom_statuses?post=4230"},{"taxonomy":"custom_city_section","embeddable":true,"href":"https:\/\/mib.sk\/en\/wp-json\/wp\/v2\/custom_city_section?post=4230"},{"taxonomy":"section","embeddable":true,"href":"https:\/\/mib.sk\/en\/wp-json\/wp\/v2\/section?post=4230"}],"curies":[{"name":"wp","href":"https:\/\/api.w.org\/{rel}","templated":true}]}}