	{"id":4188,"date":"2020-07-27T13:42:57","date_gmt":"2020-07-27T11:42:57","guid":{"rendered":"https:\/\/mib.sk\/projekt\/sadni-si\/"},"modified":"2022-10-28T12:56:24","modified_gmt":"2022-10-28T10:56:24","slug":"take-a-seat","status":"publish","type":"project","link":"https:\/\/mib.sk\/en\/projekt\/take-a-seat\/","title":{"rendered":"Take a seat!"},"content":{"rendered":"\n<figure class=\"wp-block-image size-large\"><img decoding=\"async\" width=\"1024\" height=\"768\" src=\"https:\/\/mib.sk\/wp-content\/uploads\/2020\/07\/Sadni-si_web-03-1024x768.jpg\" alt=\"Sety Sadni si! na Primaci\u00e1lnom n\u00e1mest\u00ed\" class=\"wp-image-1186\" srcset=\"https:\/\/mib.sk\/wp-content\/uploads\/2020\/07\/Sadni-si_web-03-1024x768.jpg 1024w, https:\/\/mib.sk\/wp-content\/uploads\/2020\/07\/Sadni-si_web-03-300x225.jpg 300w, https:\/\/mib.sk\/wp-content\/uploads\/2020\/07\/Sadni-si_web-03-768x576.jpg 768w, https:\/\/mib.sk\/wp-content\/uploads\/2020\/07\/Sadni-si_web-03-360x270.jpg 360w, https:\/\/mib.sk\/wp-content\/uploads\/2020\/07\/Sadni-si_web-03-407x305.jpg 407w, https:\/\/mib.sk\/wp-content\/uploads\/2020\/07\/Sadni-si_web-03-533x400.jpg 533w, https:\/\/mib.sk\/wp-content\/uploads\/2020\/07\/Sadni-si_web-03-200x150.jpg 200w, https:\/\/mib.sk\/wp-content\/uploads\/2020\/07\/Sadni-si_web-03-240x180.jpg 240w, https:\/\/mib.sk\/wp-content\/uploads\/2020\/07\/Sadni-si_web-03-280x210.jpg 280w, https:\/\/mib.sk\/wp-content\/uploads\/2020\/07\/Sadni-si_web-03-847x635.jpg 847w, https:\/\/mib.sk\/wp-content\/uploads\/2020\/07\/Sadni-si_web-03-987x740.jpg 987w, https:\/\/mib.sk\/wp-content\/uploads\/2020\/07\/Sadni-si_web-03-370x278.jpg 370w, https:\/\/mib.sk\/wp-content\/uploads\/2020\/07\/Sadni-si_web-03-260x195.jpg 260w, https:\/\/mib.sk\/wp-content\/uploads\/2020\/07\/Sadni-si_web-03.jpg 1280w\" sizes=\"(max-width: 1024px) 100vw, 1024px\" \/><\/figure>\n\n\n\n<p>This variability also makes it possible to respond to the hygienic criteria in the context of the corona pandemic \u2013 sit down (with your loved ones with whom you share a household) away from other groups of people.<\/p>\n\n\n\n<p>Take a Seat! will allow people to disperse to different public spaces \u2013 we will be refining several deserted corners of Bratislava and at the same time, in popular public spaces, we will allow people to be &#8220;outdoors&#8221; and away from the others at the same time.&nbsp;<\/p>\n\n\n\n<div style=\"height:32px\" aria-hidden=\"true\" class=\"wp-block-spacer\"><\/div>\n\n\n\n<div class=\"wp-block-columns is-layout-flex wp-container-core-columns-is-layout-1 wp-block-columns-is-layout-flex\">\n<div class=\"wp-block-column is-layout-flow wp-block-column-is-layout-flow\" style=\"flex-basis:50%\">\n<h3 class=\"wp-block-heading\">What kind of city do we want?<\/h3>\n\n\n\n<p>An attractive city is a place of experience and diversity. Quality public space is the city&#8217;s foundation&nbsp;<\/p>\n\n\n\n<p>not only to make better use of the city but also to bring its inhabitants together. It can become a living room, a playground, a relaxation area, a concert hall and a place for social life. In 2020, we expanded the project Take a Seat! to include deck chairs, which enhance the city&#8217;s recreational areas.&nbsp;<\/p>\n<\/div>\n\n\n\n<div class=\"wp-block-column is-layout-flow wp-block-column-is-layout-flow\" style=\"flex-basis:50%\">\n<div class=\"wp-block-image is-style-default\"><figure class=\"aligncenter size-large\"><img decoding=\"async\" width=\"1024\" height=\"992\" src=\"https:\/\/mib.sk\/wp-content\/uploads\/2020\/07\/860907D9-1718-4E88-8DA9-0FDD4F45C86E-3293-00000259688F6B5E-1024x992.jpg\" alt=\"\" class=\"wp-image-4476\" srcset=\"https:\/\/mib.sk\/wp-content\/uploads\/2020\/07\/860907D9-1718-4E88-8DA9-0FDD4F45C86E-3293-00000259688F6B5E-1024x992.jpg 1024w, https:\/\/mib.sk\/wp-content\/uploads\/2020\/07\/860907D9-1718-4E88-8DA9-0FDD4F45C86E-3293-00000259688F6B5E-300x291.jpg 300w, https:\/\/mib.sk\/wp-content\/uploads\/2020\/07\/860907D9-1718-4E88-8DA9-0FDD4F45C86E-3293-00000259688F6B5E-768x744.jpg 768w, https:\/\/mib.sk\/wp-content\/uploads\/2020\/07\/860907D9-1718-4E88-8DA9-0FDD4F45C86E-3293-00000259688F6B5E-279x270.jpg 279w, https:\/\/mib.sk\/wp-content\/uploads\/2020\/07\/860907D9-1718-4E88-8DA9-0FDD4F45C86E-3293-00000259688F6B5E-315x305.jpg 315w, https:\/\/mib.sk\/wp-content\/uploads\/2020\/07\/860907D9-1718-4E88-8DA9-0FDD4F45C86E-3293-00000259688F6B5E-413x400.jpg 413w, https:\/\/mib.sk\/wp-content\/uploads\/2020\/07\/860907D9-1718-4E88-8DA9-0FDD4F45C86E-3293-00000259688F6B5E-186x180.jpg 186w, https:\/\/mib.sk\/wp-content\/uploads\/2020\/07\/860907D9-1718-4E88-8DA9-0FDD4F45C86E-3293-00000259688F6B5E-280x271.jpg 280w, https:\/\/mib.sk\/wp-content\/uploads\/2020\/07\/860907D9-1718-4E88-8DA9-0FDD4F45C86E-3293-00000259688F6B5E-656x635.jpg 656w, https:\/\/mib.sk\/wp-content\/uploads\/2020\/07\/860907D9-1718-4E88-8DA9-0FDD4F45C86E-3293-00000259688F6B5E-764x740.jpg 764w, https:\/\/mib.sk\/wp-content\/uploads\/2020\/07\/860907D9-1718-4E88-8DA9-0FDD4F45C86E-3293-00000259688F6B5E-370x358.jpg 370w, https:\/\/mib.sk\/wp-content\/uploads\/2020\/07\/860907D9-1718-4E88-8DA9-0FDD4F45C86E-3293-00000259688F6B5E-260x252.jpg 260w, https:\/\/mib.sk\/wp-content\/uploads\/2020\/07\/860907D9-1718-4E88-8DA9-0FDD4F45C86E-3293-00000259688F6B5E.jpg 1493w\" sizes=\"(max-width: 1024px) 100vw, 1024px\" \/><\/figure><\/div>\n<\/div>\n<\/div>\n\n\n\n<div style=\"height:32px\" aria-hidden=\"true\" class=\"wp-block-spacer\"><\/div>\n\n\n\n<h4 class=\"wp-block-heading\"><strong>Closer to Home: Local Libraries, Leisure Centres, Parks and Public Spaces in Housing Estates&nbsp;<\/strong><\/h4>\n\n\n\n<p>Even outside the city centre, the importance of public space is our priority. Therefore, we want to extend the project to the city districts, where we will first approach local libraries and cultural organizations (leisure centres, galleries, etc.) followed by identifying spaces for local partners (preferably non-commercial, but allowing commercial local partners \u2013 cafes, ice cream parlours, small stores).&nbsp;<\/p>\n\n\n\n<h4 class=\"wp-block-heading\"><strong>Greater Spacing &#8211; Lower Risk of Infection. Where Will Take a Seat! Be In 2021?&nbsp;<\/strong><\/h4>\n\n\n\n<h4 class=\"wp-block-heading\"><strong>Criteria for site selection&nbsp;<\/strong><\/h4>\n\n\n\n<ul class=\"wp-block-list\"><li>Increase seating capacity and dispersion within popular public spaces \u2013 the addition of benches will increase the possible spacing between groups of people&nbsp;<\/li><li>It will bring attention to &#8220;other&#8221; public spaces \u2013 undiscovered corners of the historic city and housing estates.\u202fIt will promote leisure opportunities in new locations and disperse people over a larger area in the city.&nbsp;<\/li><\/ul>\n\n\n\n<ul class=\"wp-block-list\"><li>It will make relaxation areas more pleasant \u2013 we have expanded the public seating to include textile loungers to make relaxing in the park or by the water more enjoyable.&nbsp;<\/li><\/ul>\n\n\n\n<p>We choose locations for Take a Seat! street furniture according to the two categories mentioned above, and according to answers to the question: how could free seating to improve the time spent in this place for people who are already there? Alternatively \u2013 can free seating at this location attract people to spend their time here?&nbsp;<\/p>\n\n\n\n<p>An important factor for the success of Take a Seat! is also a great local partner who takes care of the chairs. We are looking for a local partner in Take a Seat! locations where no municipal institution is located. Where we can find a partner, we will apply for permits from the relevant authorities and, once they are approved, we will set up the red tables and chairs.&nbsp;<\/p>\n\n\n\n<h4 class=\"wp-block-heading\"><strong>Who Can Become a Local Partner? What Are the Responsibilities?&nbsp;<\/strong><\/h4>\n\n\n\n<p>As local partners, we prefer non-commercial establishments (galleries, libraries, institutions), but in places, without a non-commercial partner, we are also happy to agree with a commercial establishment (cafes, restaurants, shops). The Street Furniture Loan Agreement imposes the following obligations on the local partner:&nbsp;<\/p>\n\n\n\n<ul class=\"wp-block-list\"><li><strong>Daily care and supervision<\/strong> \u2013 morning unloading of street furniture into the public space and evening packing into safe storage&nbsp;<\/li><li><strong>Cleaning and disinfection<\/strong> \u2013 regular maintenance of cleanliness and disinfection of surfaces to ensure hygienic seating conditions, according to the guidelines of the senior health official&nbsp;<\/li><li><strong>Inclusivity<\/strong> \u2013 seating must be accessible to all &#8211; it is not conditional on the purchase of goods or services, it is located in an accessible and safe place&nbsp;<\/li><li><strong>Informing people on the alcohol ban at Take a Seat! property&nbsp;<\/strong><\/li><\/ul>\n\n\n\n<div style=\"height:32px\" aria-hidden=\"true\" class=\"wp-block-spacer\"><\/div>\n\n\n\n<p><em>1. Phase: return to successful 2019 and 2020 sites, expanding to popular public spaces with a lack of seating<\/em>&nbsp;<\/p>\n\n\n\n<figure class=\"wp-block-image size-large is-style-default\"><img decoding=\"async\" width=\"734\" height=\"1024\" src=\"https:\/\/mib.sk\/wp-content\/uploads\/2020\/07\/mib_sadnisi_final_V2-734x1024.png\" alt=\"Sadni si mapka 2021\" class=\"wp-image-4474\" srcset=\"https:\/\/mib.sk\/wp-content\/uploads\/2020\/07\/mib_sadnisi_final_V2-734x1024.png 734w, https:\/\/mib.sk\/wp-content\/uploads\/2020\/07\/mib_sadnisi_final_V2-215x300.png 215w, https:\/\/mib.sk\/wp-content\/uploads\/2020\/07\/mib_sadnisi_final_V2-768x1071.png 768w, https:\/\/mib.sk\/wp-content\/uploads\/2020\/07\/mib_sadnisi_final_V2-1101x1536.png 1101w, https:\/\/mib.sk\/wp-content\/uploads\/2020\/07\/mib_sadnisi_final_V2-1469x2048.png 1469w, https:\/\/mib.sk\/wp-content\/uploads\/2020\/07\/mib_sadnisi_final_V2-194x270.png 194w, https:\/\/mib.sk\/wp-content\/uploads\/2020\/07\/mib_sadnisi_final_V2-219x305.png 219w, https:\/\/mib.sk\/wp-content\/uploads\/2020\/07\/mib_sadnisi_final_V2-287x400.png 287w, https:\/\/mib.sk\/wp-content\/uploads\/2020\/07\/mib_sadnisi_final_V2-129x180.png 129w, https:\/\/mib.sk\/wp-content\/uploads\/2020\/07\/mib_sadnisi_final_V2-201x280.png 201w, https:\/\/mib.sk\/wp-content\/uploads\/2020\/07\/mib_sadnisi_final_V2-455x635.png 455w, https:\/\/mib.sk\/wp-content\/uploads\/2020\/07\/mib_sadnisi_final_V2-531x740.png 531w, https:\/\/mib.sk\/wp-content\/uploads\/2020\/07\/mib_sadnisi_final_V2-186x260.png 186w\" sizes=\"(max-width: 734px) 100vw, 734px\" \/><\/figure>\n\n\n\n<figure class=\"wp-block-table\"><table><tbody><tr><td>Primaci\u00e1lne n\u00e1mestie<\/td><\/tr><tr><td>2. dvor Primac. pal\u00e1ca &#8211; Nepomuk<\/td><\/tr><tr><td>Kapuc\u00ednska<\/td><\/tr><tr><td>Hummelov dvor<\/td><\/tr><tr><td>N\u00e1mestie SNP<\/td><\/tr><tr><td>Tresko\u0148ova Kunshalle<\/td><\/tr><tr><td>Kamenn\u00e9 n\u00e1mestie<\/td><\/tr><tr><td>N\u00e1mestie republiky Petr\u017ealka<\/td><\/tr><tr><td>Obchodn\u00e1<\/td><\/tr><tr><td>Kni\u017enica Petr\u017ealka<\/td><\/tr><tr><td>V\u010delia l\u00faka Pekn\u00e1 Cesta<\/td><\/tr><tr><td>n\u00e1mestie Vajnory<\/td><\/tr><tr><td>Partiz\u00e1nska l\u00faka<\/td><\/tr><tr><td>bufet Slza na \u017deleznej<\/td><\/tr><tr><td>Park pod lipami<\/td><\/tr><tr><td>dvor Pansk\u00e1<\/td><\/tr><tr><td>dvor Mirbachov pal\u00e1c<\/td><\/tr><tr><td>Komensk\u00e9ho<\/td><\/tr><tr><td>N\u00e1mestie \u013d. \u0160t\u00fara<\/td><\/tr><tr><td>Star\u00e1 Radnica<\/td><\/tr><tr><td>Apponiyho pal\u00e1c<\/td><\/tr><tr><td>gerulata<\/td><\/tr><\/tbody><\/table><\/figure>\n\n\n\n<div style=\"height:32px\" aria-hidden=\"true\" class=\"wp-block-spacer\"><\/div>\n\n\n\n<h2 class=\"has-text-align-center wp-block-heading\">Partners<\/h2>\n\n\n    <div class=\"partners-block\">\n\n        <div class=\"row\">\n            \n\n                \n                <div class=\"col-lg-6\">\n                    <div class=\"partner\">\n                        <a  class=\"partner-img\">\n                            <img decoding=\"async\" width=\"260\" height=\"75\" src=\"https:\/\/mib.sk\/wp-content\/uploads\/2021\/05\/Hlavne-mesto-Bratislava-260x75.jpg\" class=\"attachment-person_260x260 size-person_260x260\" alt=\"\" srcset=\"https:\/\/mib.sk\/wp-content\/uploads\/2021\/05\/Hlavne-mesto-Bratislava-260x75.jpg 260w, https:\/\/mib.sk\/wp-content\/uploads\/2021\/05\/Hlavne-mesto-Bratislava-300x86.jpg 300w, https:\/\/mib.sk\/wp-content\/uploads\/2021\/05\/Hlavne-mesto-Bratislava-200x58.jpg 200w, https:\/\/mib.sk\/wp-content\/uploads\/2021\/05\/Hlavne-mesto-Bratislava-270x78.jpg 270w, https:\/\/mib.sk\/wp-content\/uploads\/2021\/05\/Hlavne-mesto-Bratislava-280x81.jpg 280w, https:\/\/mib.sk\/wp-content\/uploads\/2021\/05\/Hlavne-mesto-Bratislava-370x106.jpg 370w, https:\/\/mib.sk\/wp-content\/uploads\/2021\/05\/Hlavne-mesto-Bratislava.jpg 379w\" sizes=\"(max-width: 260px) 100vw, 260px\" \/>                        <\/a>\n                        <div class=\"partner-info\">\n                            <h4><a >Hlavn\u00e9 mesto Bratislava<\/a><\/h4>\n                            <div><\/div>\n                                                    <\/div>\n                    <\/div>\n                <\/div>\n\n            \n\n                \n                <div class=\"col-lg-6\">\n                    <div class=\"partner\">\n                        <a  class=\"partner-img\">\n                            <img decoding=\"async\" width=\"260\" height=\"108\" src=\"https:\/\/mib.sk\/wp-content\/uploads\/2021\/05\/GMB-logo-260x108.png\" class=\"attachment-person_260x260 size-person_260x260\" alt=\"\" srcset=\"https:\/\/mib.sk\/wp-content\/uploads\/2021\/05\/GMB-logo-260x108.png 260w, https:\/\/mib.sk\/wp-content\/uploads\/2021\/05\/GMB-logo-300x125.png 300w, https:\/\/mib.sk\/wp-content\/uploads\/2021\/05\/GMB-logo-200x83.png 200w, https:\/\/mib.sk\/wp-content\/uploads\/2021\/05\/GMB-logo-270x113.png 270w, https:\/\/mib.sk\/wp-content\/uploads\/2021\/05\/GMB-logo-280x117.png 280w, https:\/\/mib.sk\/wp-content\/uploads\/2021\/05\/GMB-logo.png 348w\" sizes=\"(max-width: 260px) 100vw, 260px\" \/>                        <\/a>\n                        <div class=\"partner-info\">\n                            <h4><a >Gal\u00e9ria mesta Bratislavy<\/a><\/h4>\n                            <div><\/div>\n                                                    <\/div>\n                    <\/div>\n                <\/div>\n\n            \n\n                \n                <div class=\"col-lg-6\">\n                    <div class=\"partner\">\n                        <a  class=\"partner-img\">\n                            <img decoding=\"async\" width=\"260\" height=\"260\" src=\"https:\/\/mib.sk\/wp-content\/uploads\/2021\/05\/Muzeum-mesta-Bratislavy-260x260.jpg\" class=\"attachment-person_260x260 size-person_260x260\" alt=\"\" srcset=\"https:\/\/mib.sk\/wp-content\/uploads\/2021\/05\/Muzeum-mesta-Bratislavy-260x260.jpg 260w, https:\/\/mib.sk\/wp-content\/uploads\/2021\/05\/Muzeum-mesta-Bratislavy-300x300.jpg 300w, https:\/\/mib.sk\/wp-content\/uploads\/2021\/05\/Muzeum-mesta-Bratislavy-1024x1024.jpg 1024w, https:\/\/mib.sk\/wp-content\/uploads\/2021\/05\/Muzeum-mesta-Bratislavy-150x150.jpg 150w, https:\/\/mib.sk\/wp-content\/uploads\/2021\/05\/Muzeum-mesta-Bratislavy-768x768.jpg 768w, https:\/\/mib.sk\/wp-content\/uploads\/2021\/05\/Muzeum-mesta-Bratislavy-270x270.jpg 270w, https:\/\/mib.sk\/wp-content\/uploads\/2021\/05\/Muzeum-mesta-Bratislavy-305x305.jpg 305w, https:\/\/mib.sk\/wp-content\/uploads\/2021\/05\/Muzeum-mesta-Bratislavy-400x400.jpg 400w, https:\/\/mib.sk\/wp-content\/uploads\/2021\/05\/Muzeum-mesta-Bratislavy-180x180.jpg 180w, https:\/\/mib.sk\/wp-content\/uploads\/2021\/05\/Muzeum-mesta-Bratislavy-280x280.jpg 280w, https:\/\/mib.sk\/wp-content\/uploads\/2021\/05\/Muzeum-mesta-Bratislavy-635x635.jpg 635w, https:\/\/mib.sk\/wp-content\/uploads\/2021\/05\/Muzeum-mesta-Bratislavy-740x740.jpg 740w, https:\/\/mib.sk\/wp-content\/uploads\/2021\/05\/Muzeum-mesta-Bratislavy-370x370.jpg 370w, https:\/\/mib.sk\/wp-content\/uploads\/2021\/05\/Muzeum-mesta-Bratislavy.jpg 1181w\" sizes=\"(max-width: 260px) 100vw, 260px\" \/>                        <\/a>\n                        <div class=\"partner-info\">\n                            <h4><a >M\u00fazeum mesta Bratislavy<\/a><\/h4>\n                            <div><\/div>\n                                                    <\/div>\n                    <\/div>\n                <\/div>\n\n            \n\n                \n                <div class=\"col-lg-6\">\n                    <div class=\"partner\">\n                        <a  class=\"partner-img\">\n                            <img decoding=\"async\" width=\"255\" height=\"260\" src=\"https:\/\/mib.sk\/wp-content\/uploads\/2021\/05\/image-4-255x260.png\" class=\"attachment-person_260x260 size-person_260x260\" alt=\"\" srcset=\"https:\/\/mib.sk\/wp-content\/uploads\/2021\/05\/image-4-255x260.png 255w, https:\/\/mib.sk\/wp-content\/uploads\/2021\/05\/image-4-294x300.png 294w, https:\/\/mib.sk\/wp-content\/uploads\/2021\/05\/image-4-265x270.png 265w, https:\/\/mib.sk\/wp-content\/uploads\/2021\/05\/image-4-299x305.png 299w, https:\/\/mib.sk\/wp-content\/uploads\/2021\/05\/image-4-392x400.png 392w, https:\/\/mib.sk\/wp-content\/uploads\/2021\/05\/image-4-176x180.png 176w, https:\/\/mib.sk\/wp-content\/uploads\/2021\/05\/image-4-274x280.png 274w, https:\/\/mib.sk\/wp-content\/uploads\/2021\/05\/image-4-622x635.png 622w, https:\/\/mib.sk\/wp-content\/uploads\/2021\/05\/image-4-725x740.png 725w, https:\/\/mib.sk\/wp-content\/uploads\/2021\/05\/image-4-370x378.png 370w, https:\/\/mib.sk\/wp-content\/uploads\/2021\/05\/image-4.png 740w\" sizes=\"(max-width: 255px) 100vw, 255px\" \/>                        <\/a>\n                        <div class=\"partner-info\">\n                            <h4><a >Kunsthalle Bratislava<\/a><\/h4>\n                            <div><\/div>\n                                                    <\/div>\n                    <\/div>\n                <\/div>\n\n            \n\n                \n                <div class=\"col-lg-6\">\n                    <div class=\"partner\">\n                        <a  class=\"partner-img\">\n                            <img decoding=\"async\" width=\"260\" height=\"129\" src=\"https:\/\/mib.sk\/wp-content\/uploads\/2021\/05\/image-2-260x129.png\" class=\"attachment-person_260x260 size-person_260x260\" alt=\"\" srcset=\"https:\/\/mib.sk\/wp-content\/uploads\/2021\/05\/image-2-260x129.png 260w, https:\/\/mib.sk\/wp-content\/uploads\/2021\/05\/image-2-300x149.png 300w, https:\/\/mib.sk\/wp-content\/uploads\/2021\/05\/image-2-1024x508.png 1024w, https:\/\/mib.sk\/wp-content\/uploads\/2021\/05\/image-2-768x381.png 768w, https:\/\/mib.sk\/wp-content\/uploads\/2021\/05\/image-2-407x202.png 407w, https:\/\/mib.sk\/wp-content\/uploads\/2021\/05\/image-2-460x228.png 460w, https:\/\/mib.sk\/wp-content\/uploads\/2021\/05\/image-2-605x300.png 605w, https:\/\/mib.sk\/wp-content\/uploads\/2021\/05\/image-2-200x99.png 200w, https:\/\/mib.sk\/wp-content\/uploads\/2021\/05\/image-2-270x134.png 270w, https:\/\/mib.sk\/wp-content\/uploads\/2021\/05\/image-2-280x139.png 280w, https:\/\/mib.sk\/wp-content\/uploads\/2021\/05\/image-2-950x471.png 950w, https:\/\/mib.sk\/wp-content\/uploads\/2021\/05\/image-2-1110x550.png 1110w, https:\/\/mib.sk\/wp-content\/uploads\/2021\/05\/image-2-370x183.png 370w, https:\/\/mib.sk\/wp-content\/uploads\/2021\/05\/image-2.png 1218w\" sizes=\"(max-width: 260px) 100vw, 260px\" \/>                        <\/a>\n                        <div class=\"partner-info\">\n                            <h4><a >Mestsk\u00e9 lesy v Bratislave<\/a><\/h4>\n                            <div><\/div>\n                                                    <\/div>\n                    <\/div>\n                <\/div>\n\n            \n\n                \n                <div class=\"col-lg-6\">\n                    <div class=\"partner\">\n                        <a  class=\"partner-img\">\n                            <img decoding=\"async\" width=\"260\" height=\"176\" src=\"https:\/\/mib.sk\/wp-content\/uploads\/2021\/05\/image-1-260x176.png\" class=\"attachment-person_260x260 size-person_260x260\" alt=\"\" srcset=\"https:\/\/mib.sk\/wp-content\/uploads\/2021\/05\/image-1-260x176.png 260w, https:\/\/mib.sk\/wp-content\/uploads\/2021\/05\/image-1-300x203.png 300w, https:\/\/mib.sk\/wp-content\/uploads\/2021\/05\/image-1-399x270.png 399w, https:\/\/mib.sk\/wp-content\/uploads\/2021\/05\/image-1-451x305.png 451w, https:\/\/mib.sk\/wp-content\/uploads\/2021\/05\/image-1-200x135.png 200w, https:\/\/mib.sk\/wp-content\/uploads\/2021\/05\/image-1-266x180.png 266w, https:\/\/mib.sk\/wp-content\/uploads\/2021\/05\/image-1-280x190.png 280w, https:\/\/mib.sk\/wp-content\/uploads\/2021\/05\/image-1-370x250.png 370w, https:\/\/mib.sk\/wp-content\/uploads\/2021\/05\/image-1.png 517w\" sizes=\"(max-width: 260px) 100vw, 260px\" \/>                        <\/a>\n                        <div class=\"partner-info\">\n                            <h4><a >Slovensk\u00e1 n\u00e1rodn\u00e1 gal\u00e9ria<\/a><\/h4>\n                            <div><\/div>\n                                                    <\/div>\n                    <\/div>\n                <\/div>\n\n            \n\n                \n                <div class=\"col-lg-6\">\n                    <div class=\"partner\">\n                        <a  class=\"partner-img\">\n                            <img decoding=\"async\" width=\"260\" height=\"126\" src=\"https:\/\/mib.sk\/wp-content\/uploads\/2021\/05\/MIESTNA-KNIZNICA-PETRZALKA-logo-transparent-260x126.png\" class=\"attachment-person_260x260 size-person_260x260\" alt=\"\" srcset=\"https:\/\/mib.sk\/wp-content\/uploads\/2021\/05\/MIESTNA-KNIZNICA-PETRZALKA-logo-transparent-260x126.png 260w, https:\/\/mib.sk\/wp-content\/uploads\/2021\/05\/MIESTNA-KNIZNICA-PETRZALKA-logo-transparent-300x146.png 300w, https:\/\/mib.sk\/wp-content\/uploads\/2021\/05\/MIESTNA-KNIZNICA-PETRZALKA-logo-transparent-407x198.png 407w, https:\/\/mib.sk\/wp-content\/uploads\/2021\/05\/MIESTNA-KNIZNICA-PETRZALKA-logo-transparent-460x223.png 460w, https:\/\/mib.sk\/wp-content\/uploads\/2021\/05\/MIESTNA-KNIZNICA-PETRZALKA-logo-transparent-200x97.png 200w, https:\/\/mib.sk\/wp-content\/uploads\/2021\/05\/MIESTNA-KNIZNICA-PETRZALKA-logo-transparent-270x131.png 270w, https:\/\/mib.sk\/wp-content\/uploads\/2021\/05\/MIESTNA-KNIZNICA-PETRZALKA-logo-transparent-280x136.png 280w, https:\/\/mib.sk\/wp-content\/uploads\/2021\/05\/MIESTNA-KNIZNICA-PETRZALKA-logo-transparent-370x180.png 370w, https:\/\/mib.sk\/wp-content\/uploads\/2021\/05\/MIESTNA-KNIZNICA-PETRZALKA-logo-transparent.png 591w\" sizes=\"(max-width: 260px) 100vw, 260px\" \/>                        <\/a>\n                        <div class=\"partner-info\">\n                            <h4><a >Miestna kni\u017enica Petr\u017ealka<\/a><\/h4>\n                            <div><\/div>\n                                                    <\/div>\n                    <\/div>\n                <\/div>\n\n            \n\n                \n                <div class=\"col-lg-6\">\n                    <div class=\"partner\">\n                        <a  class=\"partner-img\">\n                            <img decoding=\"async\" width=\"212\" height=\"260\" src=\"https:\/\/mib.sk\/wp-content\/uploads\/2021\/05\/image-3-212x260.png\" class=\"attachment-person_260x260 size-person_260x260\" alt=\"\" srcset=\"https:\/\/mib.sk\/wp-content\/uploads\/2021\/05\/image-3-212x260.png 212w, https:\/\/mib.sk\/wp-content\/uploads\/2021\/05\/image-3-245x300.png 245w, https:\/\/mib.sk\/wp-content\/uploads\/2021\/05\/image-3-220x270.png 220w, https:\/\/mib.sk\/wp-content\/uploads\/2021\/05\/image-3-249x305.png 249w, https:\/\/mib.sk\/wp-content\/uploads\/2021\/05\/image-3-326x400.png 326w, https:\/\/mib.sk\/wp-content\/uploads\/2021\/05\/image-3-147x180.png 147w, https:\/\/mib.sk\/wp-content\/uploads\/2021\/05\/image-3-228x280.png 228w, https:\/\/mib.sk\/wp-content\/uploads\/2021\/05\/image-3-518x635.png 518w, https:\/\/mib.sk\/wp-content\/uploads\/2021\/05\/image-3-603x740.png 603w, https:\/\/mib.sk\/wp-content\/uploads\/2021\/05\/image-3.png 623w\" sizes=\"(max-width: 212px) 100vw, 212px\" \/>                        <\/a>\n                        <div class=\"partner-info\">\n                            <h4><a >Mestsk\u00e1 \u010das\u0165 Vajnory<\/a><\/h4>\n                            <div><\/div>\n                                                    <\/div>\n                    <\/div>\n                <\/div>\n\n            \n\n                \n                <div class=\"col-lg-6\">\n                    <div class=\"partner\">\n                        <a  class=\"partner-img\">\n                            <img decoding=\"async\" width=\"260\" height=\"84\" src=\"https:\/\/mib.sk\/wp-content\/uploads\/2021\/05\/Nadacia-slsp-260x84.png\" class=\"attachment-person_260x260 size-person_260x260\" alt=\"\" srcset=\"https:\/\/mib.sk\/wp-content\/uploads\/2021\/05\/Nadacia-slsp-260x84.png 260w, https:\/\/mib.sk\/wp-content\/uploads\/2021\/05\/Nadacia-slsp-300x97.png 300w, https:\/\/mib.sk\/wp-content\/uploads\/2021\/05\/Nadacia-slsp-1024x331.png 1024w, https:\/\/mib.sk\/wp-content\/uploads\/2021\/05\/Nadacia-slsp-768x248.png 768w, https:\/\/mib.sk\/wp-content\/uploads\/2021\/05\/Nadacia-slsp-1536x496.png 1536w, https:\/\/mib.sk\/wp-content\/uploads\/2021\/05\/Nadacia-slsp-2048x662.png 2048w, https:\/\/mib.sk\/wp-content\/uploads\/2021\/05\/Nadacia-slsp-407x132.png 407w, https:\/\/mib.sk\/wp-content\/uploads\/2021\/05\/Nadacia-slsp-460x149.png 460w, https:\/\/mib.sk\/wp-content\/uploads\/2021\/05\/Nadacia-slsp-605x195.png 605w, https:\/\/mib.sk\/wp-content\/uploads\/2021\/05\/Nadacia-slsp-200x65.png 200w, https:\/\/mib.sk\/wp-content\/uploads\/2021\/05\/Nadacia-slsp-270x87.png 270w, https:\/\/mib.sk\/wp-content\/uploads\/2021\/05\/Nadacia-slsp-280x90.png 280w, https:\/\/mib.sk\/wp-content\/uploads\/2021\/05\/Nadacia-slsp-950x307.png 950w, https:\/\/mib.sk\/wp-content\/uploads\/2021\/05\/Nadacia-slsp-1110x359.png 1110w, https:\/\/mib.sk\/wp-content\/uploads\/2021\/05\/Nadacia-slsp-370x120.png 370w\" sizes=\"(max-width: 260px) 100vw, 260px\" \/>                        <\/a>\n                        <div class=\"partner-info\">\n                            <h4><a >Nad\u00e1cia Slovenskej sporite\u013ene<\/a><\/h4>\n                            <div><\/div>\n                                                    <\/div>\n                    <\/div>\n                <\/div>\n\n            \n        <\/div>\n    <\/div>\n\n    <div class=\"partners-pagination\">\n            <\/div>\n","protected":false},"excerpt":{"rendered":"<p>Take a Seat! brings free public seating to Bratislava \u2013 red tables and chairs that enliven and cultivate spaces with a lack of seating. Move your chair into the shade if it&#8217;s a hot day, or into the sun if it&#8217;s a cool morning. <\/p>\n","protected":false},"featured_media":1187,"template":"","meta":{"_acf_changed":false,"inline_featured_image":false,"footnotes":""},"tags":[101],"topic":[77],"custom_statuses":[189],"custom_city_section":[],"section":[79],"class_list":["post-4188","project","type-project","status-publish","has-post-thumbnail","hentry","tag-sadni-si-en","topic-public-space","custom_statuses-completed-projects","section-mestske-priestory-en"],"acf":[],"yoast_head":"<!-- This site is optimized with the Yoast SEO plugin v23.4 - https:\/\/yoast.com\/wordpress\/plugins\/seo\/ -->\n<title>Take a seat! - Metropolitn\u00fd in\u0161tit\u00fat Bratislavy<\/title>\n<meta name=\"description\" content=\"Take a Seat! brings free public seating to Bratislava \u2013 red tables and chairs that enliven and cultivate spaces with a lack of seating.\" \/>\n<meta name=\"robots\" content=\"index, follow, max-snippet:-1, max-image-preview:large, max-video-preview:-1\" \/>\n<link rel=\"canonical\" href=\"https:\/\/mib.sk\/en\/projekt\/take-a-seat\/\" \/>\n<meta property=\"og:locale\" content=\"en_US\" \/>\n<meta property=\"og:type\" content=\"article\" \/>\n<meta property=\"og:title\" content=\"Take a seat! - Metropolitn\u00fd in\u0161tit\u00fat Bratislavy\" \/>\n<meta property=\"og:description\" content=\"Take a Seat! brings free public seating to Bratislava \u2013 red tables and chairs that enliven and cultivate spaces with a lack of seating.\" \/>\n<meta property=\"og:url\" content=\"https:\/\/mib.sk\/en\/projekt\/take-a-seat\/\" \/>\n<meta property=\"og:site_name\" content=\"Metropolitn\u00fd in\u0161tit\u00fat Bratislavy\" \/>\n<meta property=\"article:modified_time\" content=\"2022-10-28T10:56:24+00:00\" \/>\n<meta property=\"og:image\" content=\"https:\/\/mib.sk\/wp-content\/uploads\/2020\/07\/Sadni-si_web-03.jpg\" \/>\n\t<meta property=\"og:image:width\" content=\"1280\" \/>\n\t<meta property=\"og:image:height\" content=\"960\" \/>\n\t<meta property=\"og:image:type\" content=\"image\/jpeg\" \/>\n<meta name=\"twitter:card\" content=\"summary_large_image\" \/>\n<meta name=\"twitter:label1\" content=\"Est. reading time\" \/>\n\t<meta name=\"twitter:data1\" content=\"5 minutes\" \/>\n<script type=\"application\/ld+json\" class=\"yoast-schema-graph\">{\"@context\":\"https:\/\/schema.org\",\"@graph\":[{\"@type\":\"WebPage\",\"@id\":\"https:\/\/mib.sk\/en\/projekt\/take-a-seat\/\",\"url\":\"https:\/\/mib.sk\/en\/projekt\/take-a-seat\/\",\"name\":\"Take a seat! - Metropolitn\u00fd in\u0161tit\u00fat Bratislavy\",\"isPartOf\":{\"@id\":\"https:\/\/mib.sk\/#website\"},\"primaryImageOfPage\":{\"@id\":\"https:\/\/mib.sk\/en\/projekt\/take-a-seat\/#primaryimage\"},\"image\":{\"@id\":\"https:\/\/mib.sk\/en\/projekt\/take-a-seat\/#primaryimage\"},\"thumbnailUrl\":\"https:\/\/mib.sk\/wp-content\/uploads\/2020\/07\/Sadni-si_web-03.jpg\",\"datePublished\":\"2020-07-27T11:42:57+00:00\",\"dateModified\":\"2022-10-28T10:56:24+00:00\",\"description\":\"Take a Seat! brings free public seating to Bratislava \u2013 red tables and chairs that enliven and cultivate spaces with a lack of seating.\",\"breadcrumb\":{\"@id\":\"https:\/\/mib.sk\/en\/projekt\/take-a-seat\/#breadcrumb\"},\"inLanguage\":\"en-US\",\"potentialAction\":[{\"@type\":\"ReadAction\",\"target\":[\"https:\/\/mib.sk\/en\/projekt\/take-a-seat\/\"]}]},{\"@type\":\"ImageObject\",\"inLanguage\":\"en-US\",\"@id\":\"https:\/\/mib.sk\/en\/projekt\/take-a-seat\/#primaryimage\",\"url\":\"https:\/\/mib.sk\/wp-content\/uploads\/2020\/07\/Sadni-si_web-03.jpg\",\"contentUrl\":\"https:\/\/mib.sk\/wp-content\/uploads\/2020\/07\/Sadni-si_web-03.jpg\",\"width\":1280,\"height\":960,\"caption\":\"Sadni si na Primaci\u00e1lnom n\u00e1mest\u00ed\"},{\"@type\":\"BreadcrumbList\",\"@id\":\"https:\/\/mib.sk\/en\/projekt\/take-a-seat\/#breadcrumb\",\"itemListElement\":[{\"@type\":\"ListItem\",\"position\":1,\"name\":\"Home\",\"item\":\"https:\/\/mib.sk\/en\/\"},{\"@type\":\"ListItem\",\"position\":2,\"name\":\"Projects\",\"item\":\"https:\/\/mib.sk\/projekty\/\"},{\"@type\":\"ListItem\",\"position\":3,\"name\":\"Take a seat!\"}]},{\"@type\":\"WebSite\",\"@id\":\"https:\/\/mib.sk\/#website\",\"url\":\"https:\/\/mib.sk\/\",\"name\":\"Metropolitn\u00fd in\u0161tit\u00fat Bratislavy\",\"description\":\"\",\"potentialAction\":[{\"@type\":\"SearchAction\",\"target\":{\"@type\":\"EntryPoint\",\"urlTemplate\":\"https:\/\/mib.sk\/?s={search_term_string}\"},\"query-input\":{\"@type\":\"PropertyValueSpecification\",\"valueRequired\":true,\"valueName\":\"search_term_string\"}}],\"inLanguage\":\"en-US\"}]}<\/script>\n<!-- \/ Yoast SEO plugin. -->","yoast_head_json":{"title":"Take a seat! - Metropolitn\u00fd in\u0161tit\u00fat Bratislavy","description":"Take a Seat! brings free public seating to Bratislava \u2013 red tables and chairs that enliven and cultivate spaces with a lack of seating.","robots":{"index":"index","follow":"follow","max-snippet":"max-snippet:-1","max-image-preview":"max-image-preview:large","max-video-preview":"max-video-preview:-1"},"canonical":"https:\/\/mib.sk\/en\/projekt\/take-a-seat\/","og_locale":"en_US","og_type":"article","og_title":"Take a seat! - Metropolitn\u00fd in\u0161tit\u00fat Bratislavy","og_description":"Take a Seat! brings free public seating to Bratislava \u2013 red tables and chairs that enliven and cultivate spaces with a lack of seating.","og_url":"https:\/\/mib.sk\/en\/projekt\/take-a-seat\/","og_site_name":"Metropolitn\u00fd in\u0161tit\u00fat Bratislavy","article_modified_time":"2022-10-28T10:56:24+00:00","og_image":[{"width":1280,"height":960,"url":"https:\/\/mib.sk\/wp-content\/uploads\/2020\/07\/Sadni-si_web-03.jpg","type":"image\/jpeg"}],"twitter_card":"summary_large_image","twitter_misc":{"Est. reading time":"5 minutes"},"schema":{"@context":"https:\/\/schema.org","@graph":[{"@type":"WebPage","@id":"https:\/\/mib.sk\/en\/projekt\/take-a-seat\/","url":"https:\/\/mib.sk\/en\/projekt\/take-a-seat\/","name":"Take a seat! - Metropolitn\u00fd in\u0161tit\u00fat Bratislavy","isPartOf":{"@id":"https:\/\/mib.sk\/#website"},"primaryImageOfPage":{"@id":"https:\/\/mib.sk\/en\/projekt\/take-a-seat\/#primaryimage"},"image":{"@id":"https:\/\/mib.sk\/en\/projekt\/take-a-seat\/#primaryimage"},"thumbnailUrl":"https:\/\/mib.sk\/wp-content\/uploads\/2020\/07\/Sadni-si_web-03.jpg","datePublished":"2020-07-27T11:42:57+00:00","dateModified":"2022-10-28T10:56:24+00:00","description":"Take a Seat! brings free public seating to Bratislava \u2013 red tables and chairs that enliven and cultivate spaces with a lack of seating.","breadcrumb":{"@id":"https:\/\/mib.sk\/en\/projekt\/take-a-seat\/#breadcrumb"},"inLanguage":"en-US","potentialAction":[{"@type":"ReadAction","target":["https:\/\/mib.sk\/en\/projekt\/take-a-seat\/"]}]},{"@type":"ImageObject","inLanguage":"en-US","@id":"https:\/\/mib.sk\/en\/projekt\/take-a-seat\/#primaryimage","url":"https:\/\/mib.sk\/wp-content\/uploads\/2020\/07\/Sadni-si_web-03.jpg","contentUrl":"https:\/\/mib.sk\/wp-content\/uploads\/2020\/07\/Sadni-si_web-03.jpg","width":1280,"height":960,"caption":"Sadni si na Primaci\u00e1lnom n\u00e1mest\u00ed"},{"@type":"BreadcrumbList","@id":"https:\/\/mib.sk\/en\/projekt\/take-a-seat\/#breadcrumb","itemListElement":[{"@type":"ListItem","position":1,"name":"Home","item":"https:\/\/mib.sk\/en\/"},{"@type":"ListItem","position":2,"name":"Projects","item":"https:\/\/mib.sk\/projekty\/"},{"@type":"ListItem","position":3,"name":"Take a seat!"}]},{"@type":"WebSite","@id":"https:\/\/mib.sk\/#website","url":"https:\/\/mib.sk\/","name":"Metropolitn\u00fd in\u0161tit\u00fat Bratislavy","description":"","potentialAction":[{"@type":"SearchAction","target":{"@type":"EntryPoint","urlTemplate":"https:\/\/mib.sk\/?s={search_term_string}"},"query-input":{"@type":"PropertyValueSpecification","valueRequired":true,"valueName":"search_term_string"}}],"inLanguage":"en-US"}]}},"_links":{"self":[{"href":"https:\/\/mib.sk\/en\/wp-json\/wp\/v2\/project\/4188"}],"collection":[{"href":"https:\/\/mib.sk\/en\/wp-json\/wp\/v2\/project"}],"about":[{"href":"https:\/\/mib.sk\/en\/wp-json\/wp\/v2\/types\/project"}],"version-history":[{"count":5,"href":"https:\/\/mib.sk\/en\/wp-json\/wp\/v2\/project\/4188\/revisions"}],"predecessor-version":[{"id":16712,"href":"https:\/\/mib.sk\/en\/wp-json\/wp\/v2\/project\/4188\/revisions\/16712"}],"wp:featuredmedia":[{"embeddable":true,"href":"https:\/\/mib.sk\/en\/wp-json\/wp\/v2\/media\/1187"}],"wp:attachment":[{"href":"https:\/\/mib.sk\/en\/wp-json\/wp\/v2\/media?parent=4188"}],"wp:term":[{"taxonomy":"post_tag","embeddable":true,"href":"https:\/\/mib.sk\/en\/wp-json\/wp\/v2\/tags?post=4188"},{"taxonomy":"topic","embeddable":true,"href":"https:\/\/mib.sk\/en\/wp-json\/wp\/v2\/topic?post=4188"},{"taxonomy":"custom_statuses","embeddable":true,"href":"https:\/\/mib.sk\/en\/wp-json\/wp\/v2\/custom_statuses?post=4188"},{"taxonomy":"custom_city_section","embeddable":true,"href":"https:\/\/mib.sk\/en\/wp-json\/wp\/v2\/custom_city_section?post=4188"},{"taxonomy":"section","embeddable":true,"href":"https:\/\/mib.sk\/en\/wp-json\/wp\/v2\/section?post=4188"}],"curies":[{"name":"wp","href":"https:\/\/api.w.org\/{rel}","templated":true}]}}